{"id":247,"date":"2026-04-23T21:21:26","date_gmt":"2026-04-23T19:21:26","guid":{"rendered":"https:\/\/connecteurs-de-cartes.fr\/evoixla\/?page_id=247"},"modified":"2026-09-01T17:53:37","modified_gmt":"2026-09-01T15:53:37","slug":"fete-de-la-musique","status":"publish","type":"page","link":"https:\/\/connecteurs-de-cartes.fr\/evoixla\/fete-de-la-musique\/","title":{"rendered":"F\u00eate de la musique"},"content":{"rendered":"\t\t<div data-elementor-type=\"wp-page\" data-elementor-id=\"247\" class=\"elementor elementor-247\" data-elementor-post-type=\"page\">\n\t\t\t\t<div class=\"elementor-element elementor-element-cd58a08 e-flex e-con-boxed e-con e-parent\" data-id=\"cd58a08\" data-element_type=\"container\" data-e-type=\"container\">\n\t\t\t\t\t<div class=\"e-con-inner\">\n\t\t\t\t<div class=\"elementor-element elementor-element-f34cf06 elementor-widget elementor-widget-heading\" data-id=\"f34cf06\" data-element_type=\"widget\" data-e-type=\"widget\" data-widget_type=\"heading.default\">\n\t\t\t\t\t<h1 class=\"elementor-heading-title elementor-size-default\">F\u00eate de la musique<\/h1>\t\t\t\t<\/div>\n\t\t<div class=\"elementor-element elementor-element-8d79232 e-con-full e-flex e-con e-child\" data-id=\"8d79232\" data-element_type=\"container\" data-e-type=\"container\">\n\t\t\t\t<div class=\"elementor-element elementor-element-1fbad98 elementor-widget elementor-widget-text-editor\" data-id=\"1fbad98\" data-element_type=\"widget\" data-e-type=\"widget\" data-widget_type=\"text-editor.default\">\n\t\t\t\t\t\t\t\t\t<p><em><strong>\u00c9 Voix-l\u00e0<\/strong><\/em> participe r\u00e9guli\u00e8rement aux \u00e9v\u00e8nements culturels de Marly-le-Roi et notamment \u00e0 la <strong>F\u00eate de la musique<\/strong> dans le parc Jean Witold.\u00a0\u00a0<\/p>\t\t\t\t\t\t\t\t<\/div>\n\t\t\t\t<div class=\"elementor-element elementor-element-3ac7f67 elementor-widget elementor-widget-image\" data-id=\"3ac7f67\" data-element_type=\"widget\" data-e-type=\"widget\" data-widget_type=\"image.default\">\n\t\t\t\t\t\t\t\t\t\t\t\t\t\t\t<img fetchpriority=\"high\" decoding=\"async\" width=\"800\" height=\"600\" src=\"https:\/\/connecteurs-de-cartes.fr\/evoixla\/wp-content\/uploads\/fete-de-la-musique-1024x768.jpg\" class=\"attachment-large size-large wp-image-723\" alt=\"\" srcset=\"https:\/\/connecteurs-de-cartes.fr\/evoixla\/wp-content\/uploads\/fete-de-la-musique-1024x768.jpg 1024w, https:\/\/connecteurs-de-cartes.fr\/evoixla\/wp-content\/uploads\/fete-de-la-musique-300x225.jpg 300w, https:\/\/connecteurs-de-cartes.fr\/evoixla\/wp-content\/uploads\/fete-de-la-musique-768x576.jpg 768w, https:\/\/connecteurs-de-cartes.fr\/evoixla\/wp-content\/uploads\/fete-de-la-musique-1536x1152.jpg 1536w, https:\/\/connecteurs-de-cartes.fr\/evoixla\/wp-content\/uploads\/fete-de-la-musique-2048x1536.jpg 2048w\" sizes=\"(max-width: 800px) 100vw, 800px\" \/>\t\t\t\t\t\t\t\t\t\t\t\t\t\t\t<\/div>\n\t\t\t\t<div class=\"elementor-element elementor-element-f7066d8 elementor-widget elementor-widget-text-editor\" data-id=\"f7066d8\" data-element_type=\"widget\" data-e-type=\"widget\" data-widget_type=\"text-editor.default\">\n\t\t\t\t\t\t\t\t\t<p><em><strong>\u00c9 Voix-L\u00e0<\/strong><\/em> \u00e0 la F\u00eate de la musique \u2013 Parc Jean Witold.<\/p>\t\t\t\t\t\t\t\t<\/div>\n\t\t\t\t<\/div>\n\t\t\t\t\t<\/div>\n\t\t\t\t<\/div>\n\t\t\t\t<\/div>\n\t\t","protected":false},"excerpt":{"rendered":"<p>F\u00eate de la musique \u00c9 Voix-l\u00e0 participe r\u00e9guli\u00e8rement aux \u00e9v\u00e8nements culturels de Marly-le-Roi et notamment \u00e0 la F\u00eate de la musique dans le parc Jean Witold.\u00a0\u00a0 \u00c9 Voix-L\u00e0 \u00e0 la F\u00eate de la musique \u2013 Parc Jean Witold.<\/p>\n","protected":false},"author":1,"featured_media":0,"parent":0,"menu_order":0,"comment_status":"closed","ping_status":"closed","template":"","meta":{"footnotes":""},"class_list":["post-247","page","type-page","status-publish","hentry"],"_links":{"self":[{"href":"https:\/\/connecteurs-de-cartes.fr\/evoixla\/wp-json\/wp\/v2\/pages\/247","targetHints":{"allow":["GET"]}}],"collection":[{"href":"https:\/\/connecteurs-de-cartes.fr\/evoixla\/wp-json\/wp\/v2\/pages"}],"about":[{"href":"https:\/\/connecteurs-de-cartes.fr\/evoixla\/wp-json\/wp\/v2\/types\/page"}],"author":[{"embeddable":true,"href":"https:\/\/connecteurs-de-cartes.fr\/evoixla\/wp-json\/wp\/v2\/users\/1"}],"replies":[{"embeddable":true,"href":"https:\/\/connecteurs-de-cartes.fr\/evoixla\/wp-json\/wp\/v2\/comments?post=247"}],"version-history":[{"count":43,"href":"https:\/\/connecteurs-de-cartes.fr\/evoixla\/wp-json\/wp\/v2\/pages\/247\/revisions"}],"predecessor-version":[{"id":2077,"href":"https:\/\/connecteurs-de-cartes.fr\/evoixla\/wp-json\/wp\/v2\/pages\/247\/revisions\/2077"}],"wp:attachment":[{"href":"https:\/\/connecteurs-de-cartes.fr\/evoixla\/wp-json\/wp\/v2\/media?parent=247"}],"curies":[{"name":"wp","href":"https:\/\/api.w.org\/{rel}","templated":true}]}}