{"id":245,"date":"2026-04-23T21:21:26","date_gmt":"2026-04-23T19:21:26","guid":{"rendered":"https:\/\/connecteurs-de-cartes.fr\/evoixla\/?page_id=245"},"modified":"2026-09-03T19:16:12","modified_gmt":"2026-09-03T17:16:12","slug":"e-voix-la-a-marly-le-roi","status":"publish","type":"page","link":"https:\/\/connecteurs-de-cartes.fr\/evoixla\/e-voix-la-a-marly-le-roi\/","title":{"rendered":"\u00c9 Voix-L\u00e0 \u00e0 Marly-le-Roi"},"content":{"rendered":"\t\t<div data-elementor-type=\"wp-page\" data-elementor-id=\"245\" class=\"elementor elementor-245\" data-elementor-post-type=\"page\">\n\t\t\t\t<div class=\"elementor-element elementor-element-68dba7a e-flex e-con-boxed e-con e-parent\" data-id=\"68dba7a\" data-element_type=\"container\" data-e-type=\"container\">\n\t\t\t\t\t<div class=\"e-con-inner\">\n\t\t<div class=\"elementor-element elementor-element-3127ff6 e-con-full e-flex e-con e-child\" data-id=\"3127ff6\" data-element_type=\"container\" data-e-type=\"container\">\n\t\t\t\t<div class=\"elementor-element elementor-element-b767850 elementor-widget elementor-widget-heading\" data-id=\"b767850\" data-element_type=\"widget\" data-e-type=\"widget\" data-widget_type=\"heading.default\">\n\t\t\t\t\t<h1 class=\"elementor-heading-title elementor-size-default\"><span class=\"evl-logo-text\"><span class=\"evl-e\">\u00c9<\/span> <span class=\"evl-v\">V<\/span><span class=\"evl-o\">o<\/span><span class=\"evl-i\">i<\/span><span class=\"evl-x\">x<\/span>-<span class=\"evl-l\">l<\/span><span class=\"evl-a\">\u00e0<\/span><\/span> dans la ville de Marly-le-Roi<\/h1>\t\t\t\t<\/div>\n\t\t\t\t<div class=\"elementor-element elementor-element-845da11 elementor-widget elementor-widget-text-editor\" data-id=\"845da11\" data-element_type=\"widget\" data-e-type=\"widget\" data-widget_type=\"text-editor.default\">\n\t\t\t\t\t\t\t\t\tDepuis sa cr\u00e9ation en 2008,\u00a0<span class=\"evl-logo-text\"><span class=\"evl-e\">\u00c9<\/span> <span class=\"evl-v\">V<\/span><span class=\"evl-o\">o<\/span><span class=\"evl-i\">i<\/span><span class=\"evl-x\">x<\/span>&#8211;<span class=\"evl-l\">l<\/span><span class=\"evl-a\">\u00e0<\/span><\/span> occupe une place importante dans le paysage artistique de la ville.\t\t\t\t\t\t\t\t<\/div>\n\t\t\t\t<div class=\"elementor-element elementor-element-19ffa7a elementor-widget elementor-widget-heading\" data-id=\"19ffa7a\" data-element_type=\"widget\" data-e-type=\"widget\" data-widget_type=\"heading.default\">\n\t\t\t\t\t<h2 class=\"elementor-heading-title elementor-size-default\"><em>Une association ancr\u00e9e dans la vie marlychoise<\/h2>\t\t\t\t<\/div>\n\t\t<div class=\"elementor-element elementor-element-01030e3 e-con-full e-flex e-con e-child\" data-id=\"01030e3\" data-element_type=\"container\" data-e-type=\"container\">\n\t\t<div class=\"elementor-element elementor-element-6f9f98b e-con-full e-flex e-con e-child\" data-id=\"6f9f98b\" data-element_type=\"container\" data-e-type=\"container\">\n\t\t\t\t<div class=\"elementor-element elementor-element-1e8ea21 elementor-widget elementor-widget-image\" data-id=\"1e8ea21\" data-element_type=\"widget\" data-e-type=\"widget\" data-widget_type=\"image.default\">\n\t\t\t\t\t\t\t\t\t\t\t\t\t\t\t<img fetchpriority=\"high\" decoding=\"async\" width=\"800\" height=\"600\" src=\"https:\/\/connecteurs-de-cartes.fr\/evoixla\/wp-content\/uploads\/WhatsApp-Image-2026-08-29-at-8.24.14-AM-1024x768.jpeg\" class=\"attachment-large size-large wp-image-2014\" alt=\"\" srcset=\"https:\/\/connecteurs-de-cartes.fr\/evoixla\/wp-content\/uploads\/WhatsApp-Image-2026-08-29-at-8.24.14-AM-1024x768.jpeg 1024w, https:\/\/connecteurs-de-cartes.fr\/evoixla\/wp-content\/uploads\/WhatsApp-Image-2026-08-29-at-8.24.14-AM-300x225.jpeg 300w, https:\/\/connecteurs-de-cartes.fr\/evoixla\/wp-content\/uploads\/WhatsApp-Image-2026-08-29-at-8.24.14-AM-768x576.jpeg 768w, https:\/\/connecteurs-de-cartes.fr\/evoixla\/wp-content\/uploads\/WhatsApp-Image-2026-08-29-at-8.24.14-AM-1536x1152.jpeg 1536w, https:\/\/connecteurs-de-cartes.fr\/evoixla\/wp-content\/uploads\/WhatsApp-Image-2026-08-29-at-8.24.14-AM.jpeg 1600w\" sizes=\"(max-width: 800px) 100vw, 800px\" \/>\t\t\t\t\t\t\t\t\t\t\t\t\t\t\t<\/div>\n\t\t\t\t<div class=\"elementor-element elementor-element-91c59f2 elementor-widget elementor-widget-text-editor\" data-id=\"91c59f2\" data-element_type=\"widget\" data-e-type=\"widget\" data-widget_type=\"text-editor.default\">\n\t\t\t\t\t\t\t\t\t<p><strong>Centre culturel Jean Vilar \u2013 Marly-le-Roi<\/strong><\/p>\t\t\t\t\t\t\t\t<\/div>\n\t\t\t\t<\/div>\n\t\t<div class=\"elementor-element elementor-element-d4afdc0 e-con-full e-flex e-con e-child\" data-id=\"d4afdc0\" data-element_type=\"container\" data-e-type=\"container\">\n\t\t\t\t<div class=\"elementor-element elementor-element-ddb6b67 elementor-widget elementor-widget-text-editor\" data-id=\"ddb6b67\" data-element_type=\"widget\" data-e-type=\"widget\" data-widget_type=\"text-editor.default\">\n\t\t\t\t\t\t\t\t\t<p class=\"PDq2pG_selectionAnchorContainer\" data-start=\"468\" data-end=\"824\">Une place privil\u00e9gi\u00e9e par les liens nou\u00e9s, d\u2019une part avec la ville et ses repr\u00e9sentants et, d\u2019autre part, avec le public marlychois, lors d\u2019animations telles que la <a href=\"https:\/\/connecteurs-de-cartes.fr\/evoixla\/fete-de-la-musique\/\">F\u00eate de la musique<\/a>, les animations \u00e0 la R\u00e9sidence Mansart, les <a href=\"https:\/\/connecteurs-de-cartes.fr\/evoixla\/spectacle-inter-associatif\/\">spectacles inter-associatifs<\/a>, les anciennes Nuits au th\u00e9\u00e2tre, les 40 ans du Centre Culturel Jean Vilar et, en 2022, ses 50 ans.<\/p><p data-start=\"826\" data-end=\"1032\">\u00c0 l\u2019occasion de nos spectacles au Centre culturel Jean Vilar, nous avons l\u2019immense plaisir de retrouver notre public enthousiaste et fid\u00e8le, qui nous r\u00e9serve toujours un accueil particuli\u00e8rement chaleureux.<\/p><p data-start=\"1034\" data-end=\"1206\">Lors d\u2019une rencontre fortuite, dans la rue ou \u00e0 une terrasse, nous avons r\u00e9guli\u00e8rement le plaisir de recevoir un compliment, un mot d\u2019encouragement\u2026 ou un simple \u00ab merci \u00bb.<\/p>\t\t\t\t\t\t\t\t<\/div>\n\t\t\t\t<\/div>\n\t\t\t\t<\/div>\n\t\t\t\t<div class=\"elementor-element elementor-element-b407d11 elementor-widget elementor-widget-text-editor\" data-id=\"b407d11\" data-element_type=\"widget\" data-e-type=\"widget\" data-widget_type=\"text-editor.default\">\n\t\t\t\t\t\t\t\t\t<p data-start=\"1208\" data-end=\"1362\">Ces moments particuli\u00e8rement touchants nous rappellent \u00e0 quel point partager notre passion r\u00e9sonne aupr\u00e8s du public et donne tout son sens \u00e0 notre projet.<\/p>\t\t\t\t\t\t\t\t<\/div>\n\t\t\t\t<div class=\"elementor-element elementor-element-a66c0d0 elementor-widget elementor-widget-heading\" data-id=\"a66c0d0\" data-element_type=\"widget\" data-e-type=\"widget\" data-widget_type=\"heading.default\">\n\t\t\t\t\t<h2 class=\"elementor-heading-title elementor-size-default\"><em>\u00c9 Voix-L\u00e0 sur sc\u00e8ne<\/h2>\t\t\t\t<\/div>\n\t\t\t\t<div class=\"elementor-element elementor-element-67ecfbc elementor-widget elementor-widget-text-editor\" data-id=\"67ecfbc\" data-element_type=\"widget\" data-e-type=\"widget\" data-widget_type=\"text-editor.default\">\n\t\t\t\t\t\t\t\t\t<p class=\"PDq2pG_selectionAnchorContainer\" data-start=\"1394\" data-end=\"1420\">Nous avons \u00e0 notre actif :<\/p>\t\t\t\t\t\t\t\t<\/div>\n\t\t<div class=\"elementor-element elementor-element-e4ea7be e-grid e-con-full e-con e-child\" data-id=\"e4ea7be\" data-element_type=\"container\" data-e-type=\"container\">\n\t\t<a class=\"elementor-element elementor-element-08bfbcf e-con-full e-flex e-con e-child\" data-id=\"08bfbcf\" data-element_type=\"container\" data-e-type=\"container\" data-settings=\"{&quot;background_background&quot;:&quot;classic&quot;}\" href=\"https:\/\/connecteurs-de-cartes.fr\/evoixla\/ateliers\/\">\n\t\t\t\t<div class=\"elementor-element elementor-element-3217ea9 elementor-widget elementor-widget-heading\" data-id=\"3217ea9\" data-element_type=\"widget\" data-e-type=\"widget\" data-widget_type=\"heading.default\">\n\t\t\t\t\t<h3 class=\"elementor-heading-title elementor-size-default\">40+<\/h3>\t\t\t\t<\/div>\n\t\t\t\t<div class=\"elementor-element elementor-element-f741b70 elementor-widget elementor-widget-text-editor\" data-id=\"f741b70\" data-element_type=\"widget\" data-e-type=\"widget\" data-widget_type=\"text-editor.default\">\n\t\t\t\t\t\t\t\t\t<p>Spectacles jou\u00e9s sur la grande sc\u00e8ne du th\u00e9\u00e2tre Jean Vilar<\/p>\t\t\t\t\t\t\t\t<\/div>\n\t\t\t\t<\/a>\n\t\t<a class=\"elementor-element elementor-element-b34772c e-con-full e-flex e-con e-child\" data-id=\"b34772c\" data-element_type=\"container\" data-e-type=\"container\" data-settings=\"{&quot;background_background&quot;:&quot;classic&quot;}\" href=\"https:\/\/connecteurs-de-cartes.fr\/evoixla\/tremplin\/\">\n\t\t\t\t<div class=\"elementor-element elementor-element-d83c0c9 elementor-widget elementor-widget-heading\" data-id=\"d83c0c9\" data-element_type=\"widget\" data-e-type=\"widget\" data-widget_type=\"heading.default\">\n\t\t\t\t\t<h3 class=\"elementor-heading-title elementor-size-default\">20+<\/h3>\t\t\t\t<\/div>\n\t\t\t\t<div class=\"elementor-element elementor-element-5bfc07d elementor-widget elementor-widget-text-editor\" data-id=\"5bfc07d\" data-element_type=\"widget\" data-e-type=\"widget\" data-widget_type=\"text-editor.default\">\n\t\t\t\t\t\t\t\t\t<p>Concerts de fin d\u2019ann\u00e9e<\/p>\t\t\t\t\t\t\t\t<\/div>\n\t\t\t\t<\/a>\n\t\t\t\t<\/div>\n\t\t\t\t<div class=\"elementor-element elementor-element-a299d93 elementor-widget elementor-widget-heading\" data-id=\"a299d93\" data-element_type=\"widget\" data-e-type=\"widget\" data-widget_type=\"heading.default\">\n\t\t\t\t\t<h2 class=\"elementor-heading-title elementor-size-default\"><em>Les concerts de fin d\u2019ann\u00e9e<\/h2>\t\t\t\t<\/div>\n\t\t\t\t<div class=\"elementor-element elementor-element-e02204b elementor-widget elementor-widget-text-editor\" data-id=\"e02204b\" data-element_type=\"widget\" data-e-type=\"widget\" data-widget_type=\"text-editor.default\">\n\t\t\t\t\t\t\t\t\t<p class=\"PDq2pG_selectionAnchorContainer\" data-start=\"1587\" data-end=\"1673\">Ces concerts sont l\u2019occasion id\u00e9ale de r\u00e9unir tous les groupes : Ateliers et Tremplin.<\/p>\n<p data-start=\"1675\" data-end=\"1764\">C\u2019est \u00e9galement l\u2019occasion d\u2019inviter quelques jeunes passionn\u00e9s par la chanson fran\u00e7aise.<\/p>\n<p data-start=\"1766\" data-end=\"1879\">Enfin, pour le public, c\u2019est l\u2019occasion de rencontrer tous les chanteurs d&rsquo;<span class=\"evl-logo-text\"><span class=\"evl-e\">\u00c9<\/span> <span class=\"evl-v\">V<\/span><span class=\"evl-o\">o<\/span><span class=\"evl-i\">i<\/span><span class=\"evl-x\">x<\/span>&#8211;<span class=\"evl-l\">l<\/span><span class=\"evl-a\">\u00e0<\/span><\/span> autour d\u2019un pot de l\u2019amiti\u00e9.<\/p>\n<p data-start=\"1881\" data-end=\"1896\">\u00c0 bient\u00f4t !<\/p>\t\t\t\t\t\t\t\t<\/div>\n\t\t\t\t<\/div>\n\t\t\t\t\t<\/div>\n\t\t\t\t<\/div>\n\t\t\t\t<\/div>\n\t\t","protected":false},"excerpt":{"rendered":"<p>\u00c9 Voix-l\u00e0 dans la ville de Marly-le-Roi Depuis sa cr\u00e9ation en 2008,\u00a0\u00c9 Voix-l\u00e0 occupe une place importante dans le paysage artistique de la ville. Une association ancr\u00e9e dans la vie marlychoise Centre culturel Jean Vilar \u2013 Marly-le-Roi Une place privil\u00e9gi\u00e9e par les liens nou\u00e9s, d\u2019une part avec la ville et ses repr\u00e9sentants et, d\u2019autre part, [&hellip;]<\/p>\n","protected":false},"author":1,"featured_media":0,"parent":0,"menu_order":0,"comment_status":"closed","ping_status":"closed","template":"","meta":{"footnotes":""},"class_list":["post-245","page","type-page","status-publish","hentry"],"_links":{"self":[{"href":"https:\/\/connecteurs-de-cartes.fr\/evoixla\/wp-json\/wp\/v2\/pages\/245","targetHints":{"allow":["GET"]}}],"collection":[{"href":"https:\/\/connecteurs-de-cartes.fr\/evoixla\/wp-json\/wp\/v2\/pages"}],"about":[{"href":"https:\/\/connecteurs-de-cartes.fr\/evoixla\/wp-json\/wp\/v2\/types\/page"}],"author":[{"embeddable":true,"href":"https:\/\/connecteurs-de-cartes.fr\/evoixla\/wp-json\/wp\/v2\/users\/1"}],"replies":[{"embeddable":true,"href":"https:\/\/connecteurs-de-cartes.fr\/evoixla\/wp-json\/wp\/v2\/comments?post=245"}],"version-history":[{"count":138,"href":"https:\/\/connecteurs-de-cartes.fr\/evoixla\/wp-json\/wp\/v2\/pages\/245\/revisions"}],"predecessor-version":[{"id":2289,"href":"https:\/\/connecteurs-de-cartes.fr\/evoixla\/wp-json\/wp\/v2\/pages\/245\/revisions\/2289"}],"wp:attachment":[{"href":"https:\/\/connecteurs-de-cartes.fr\/evoixla\/wp-json\/wp\/v2\/media?parent=245"}],"curies":[{"name":"wp","href":"https:\/\/api.w.org\/{rel}","templated":true}]}}