{"id":239,"date":"2026-04-23T21:21:26","date_gmt":"2026-04-23T19:21:26","guid":{"rendered":"https:\/\/connecteurs-de-cartes.fr\/evoixla\/?page_id=239"},"modified":"2026-09-03T19:29:22","modified_gmt":"2026-09-03T17:29:22","slug":"coach-artistique","status":"publish","type":"page","link":"https:\/\/connecteurs-de-cartes.fr\/evoixla\/coach-artistique\/","title":{"rendered":"Une coach artistique"},"content":{"rendered":"\t\t<div data-elementor-type=\"wp-page\" data-elementor-id=\"239\" class=\"elementor elementor-239\" data-elementor-post-type=\"page\">\n\t\t\t\t<div class=\"elementor-element elementor-element-3891dc5 e-flex e-con-boxed e-con e-parent\" data-id=\"3891dc5\" data-element_type=\"container\" data-e-type=\"container\">\n\t\t\t\t\t<div class=\"e-con-inner\">\n\t\t\t\t<div class=\"elementor-element elementor-element-6f8d63d elementor-widget elementor-widget-heading\" data-id=\"6f8d63d\" data-element_type=\"widget\" data-e-type=\"widget\" data-widget_type=\"heading.default\">\n\t\t\t\t\t<h1 class=\"elementor-heading-title elementor-size-default\">La coach artistique : Anna Igalson<\/h1>\t\t\t\t<\/div>\n\t\t\t\t<div class=\"elementor-element elementor-element-08bb631 elementor-widget elementor-widget-heading\" data-id=\"08bb631\" data-element_type=\"widget\" data-e-type=\"widget\" data-widget_type=\"heading.default\">\n\t\t\t\t\t<h2 class=\"elementor-heading-title elementor-size-default\"><em>Des racines polonaises \u00e0 la chanson fran\u00e7aise<\/h2>\t\t\t\t<\/div>\n\t\t\t\t<div class=\"elementor-element elementor-element-1adbc3c elementor-widget elementor-widget-text-editor\" data-id=\"1adbc3c\" data-element_type=\"widget\" data-e-type=\"widget\" data-widget_type=\"text-editor.default\">\n\t\t\t\t\t\t\t\t\t<p>Anna chante depuis son plus jeune \u00e2ge. D\u00e9j\u00e0 dans <strong>sa Pologne natale<\/strong>, elle participe \u00e0 des groupes, des chorales, des festivals, des plateaux t\u00e9l\u00e9&#8230;<\/p><p><strong>La passion pour la chanson fran\u00e7aise <\/strong>la pousse \u00e0 venir en France : elle quitte Cracovie o\u00f9 elle est \u00e9tudiante en Lettres modernes et s\u2019installe \u00e0 Paris pour y poursuivre ses \u00e9tudes universitaires.<\/p><p>Anna est n\u00e9e dans une famille o\u00f9 la musique et le chant font partie du quotidien. C\u2019est en arrivant \u00e0 Paris qu\u2019elle d\u00e9couvre que ce qui lui paraissait instinctif s\u2019apprend et se perfectionne.<\/p><p>Il en est de m\u00eame avec la po\u00e9sie : avec sa maman qui est po\u00e9tesse, des nouveaux po\u00e8mes naissent un peu tous les jours avec un naturel d\u00e9concertant. Dans la po\u00e9sie, Anna trouve\u00a0 source d\u2019inspiration pour ses futurs projets.<\/p>\t\t\t\t\t\t\t\t<\/div>\n\t\t\t\t\t<\/div>\n\t\t\t\t<\/div>\n\t\t<div class=\"elementor-element elementor-element-672e632 e-flex e-con-boxed e-con e-parent\" data-id=\"672e632\" data-element_type=\"container\" data-e-type=\"container\">\n\t\t\t\t\t<div class=\"e-con-inner\">\n\t\t<div class=\"elementor-element elementor-element-7f75a1a e-con-full e-flex e-con e-child\" data-id=\"7f75a1a\" data-element_type=\"container\" data-e-type=\"container\">\n\t\t\t\t<div class=\"elementor-element elementor-element-11fef2d elementor-widget elementor-widget-image\" data-id=\"11fef2d\" data-element_type=\"widget\" data-e-type=\"widget\" data-widget_type=\"image.default\">\n\t\t\t\t\t\t\t\t\t\t\t\t\t\t\t<img fetchpriority=\"high\" decoding=\"async\" width=\"800\" height=\"533\" src=\"https:\/\/connecteurs-de-cartes.fr\/evoixla\/wp-content\/uploads\/DSC_2674-scaled.jpg\" class=\"attachment-large size-large wp-image-1155\" alt=\"\" \/>\t\t\t\t\t\t\t\t\t\t\t\t\t\t\t<\/div>\n\t\t\t\t<\/div>\n\t\t<div class=\"elementor-element elementor-element-cd50d6a e-con-full e-flex e-con e-child\" data-id=\"cd50d6a\" data-element_type=\"container\" data-e-type=\"container\">\n\t\t\t\t<div class=\"elementor-element elementor-element-4b43af1 elementor-widget elementor-widget-text-editor\" data-id=\"4b43af1\" data-element_type=\"widget\" data-e-type=\"widget\" data-widget_type=\"text-editor.default\">\n\t\t\t\t\t\t\t\t\t<p>Il n\u2019est pas \u00e9tonnant que lorsque Anna \u00e9coute pour la 1\u00e8re fois Jacques Brel ou Edith Piaf, elle reste subjugu\u00e9e par <strong>leur force d\u2019interpr\u00e9tation<\/strong>. L\u2019interpr\u00e9tation, Anna connait ! Elle suit depuis un moment d\u00e9j\u00e0 la Barbara polonaise : Ewa Demarczyk.<\/p><p>Anna commence sa carri\u00e8re solo dans les ann\u00e9es 90 avec son spectacle<strong> Louv\u2019Story<\/strong>. Elle a le privil\u00e8ge d\u2019\u00eatre accompagn\u00e9e par Giovanni Mirabassi, aujourd\u2019hui l\u2019un des meilleurs pianiste de jazz, lui aussi amoureux de la chanson fran\u00e7aise.<\/p>\t\t\t\t\t\t\t\t<\/div>\n\t\t\t\t<\/div>\n\t\t\t\t\t<\/div>\n\t\t\t\t<\/div>\n\t\t<div class=\"elementor-element elementor-element-0bd2054 e-flex e-con-boxed e-con e-parent\" data-id=\"0bd2054\" data-element_type=\"container\" data-e-type=\"container\">\n\t\t\t\t\t<div class=\"e-con-inner\">\n\t\t\t\t<div class=\"elementor-element elementor-element-9e861bc elementor-widget elementor-widget-heading\" data-id=\"9e861bc\" data-element_type=\"widget\" data-e-type=\"widget\" data-widget_type=\"heading.default\">\n\t\t\t\t\t<h2 class=\"elementor-heading-title elementor-size-default\"><em>Se former pour mieux transmettre <\/h2>\t\t\t\t<\/div>\n\t\t\t\t<div class=\"elementor-element elementor-element-7655e9a elementor-widget elementor-widget-text-editor\" data-id=\"7655e9a\" data-element_type=\"widget\" data-e-type=\"widget\" data-widget_type=\"text-editor.default\">\n\t\t\t\t\t\t\t\t\t<p>Anna se perfectionne ensuite en mati\u00e8re de chant, d\u00e9cid\u00e9e \u00e0 en faire son m\u00e9tier. Elle commence par des cours particuliers \u00e0 Paris avec Raymonde Viret, professeur de chant r\u00e9put\u00e9e coach vocal des stars et auteur du livre \u00ab\u00a0Trouvez votre voix\u00a0\u00bb.\u00a0<\/p><p><strong><em>\u00ab\u00a0Chanter c\u2019est s\u2019harmoniser corps, \u00e2me, esprit&#8230; c\u2019est l\u2019union du physique, de l\u2019\u00e9motionnel et du spirituel\u00a0\u00bb<\/em><\/strong><em>.<\/em><\/p><p>Elle d\u00e9couvre une \u00e9cole de la chanson ! <strong>Les ACP <\/strong>de\u00a0 M\u00e9nilmontant. Elle y travaille pendant 3 ans, d\u00e9couvre le th\u00e9\u00e2tre, l\u2019\u00e9criture des chansons, cr\u00e9e un tour de chant.<\/p><p>Anna participe \u00e0 des ateliers d\u2019\u00e9criture avec Alain Leprest. Elle le retrouve au Festival d\u2019Avignon, lui et son pianiste Jean-Louis Beydon.<\/p><p>Des stages s\u2019encha\u00eenent, des \u00e9coles et des formations en tous genres. Elle d\u00e9couvre <strong>le jazz vocal<\/strong>. <strong>Consciente d\u2019avoir travaill\u00e9 avec des artistes exceptionnels<\/strong>,<strong> tous excellents p\u00e9dagogues<\/strong>,<strong> Anna d\u00e9cide tout naturellement de transmettre sa passion et son exp\u00e9rience \u00e0 d\u2019autres chanteurs<\/strong>.<\/p>\t\t\t\t\t\t\t\t<\/div>\n\t\t\t\t<div class=\"elementor-element elementor-element-2d3aa8d elementor-widget elementor-widget-heading\" data-id=\"2d3aa8d\" data-element_type=\"widget\" data-e-type=\"widget\" data-widget_type=\"heading.default\">\n\t\t\t\t\t<h2 class=\"elementor-heading-title elementor-size-default\"><em><span class=\"evl-logo-text\"><span class=\"evl-e\">\u00c9<\/span> <span class=\"evl-v\">V<\/span><span class=\"evl-o\">o<\/span><span class=\"evl-i\">i<\/span><span class=\"evl-x\">x<\/span>-<span class=\"evl-l\">l<\/span><span class=\"evl-a\">\u00e0<\/span><\/span> et ses projets artistiques<\/h2>\t\t\t\t<\/div>\n\t\t\t\t<div class=\"elementor-element elementor-element-aa70a28 elementor-widget elementor-widget-text-editor\" data-id=\"aa70a28\" data-element_type=\"widget\" data-e-type=\"widget\" data-widget_type=\"text-editor.default\">\n\t\t\t\t\t\t\t\t\t<p><strong>En septembre 2008, elle cr\u00e9e <span class=\"evl-logo-text\"><span class=\"evl-e\">\u00c9<\/span> <span class=\"evl-v\">V<\/span><span class=\"evl-o\">o<\/span><span class=\"evl-i\">i<\/span><span class=\"evl-x\">x<\/span>&#8211;<span class=\"evl-l\">l<\/span><span class=\"evl-a\">\u00e0<\/span><\/span><\/strong>.<\/p><p>Depuis, elle continue \u00e0 se perfectionner et ne manque pas une occasion de d\u00e9couvrir de nouvelles techniques, de nouvelles approches : m\u00e9thode Feldenkreis, le Tao de la voix&#8230;<\/p><p>En 2021, elle chante les compositions d\u2019Andr\u00e9 Manoukian avec le ch\u0153ur de la Maison de la musique de Nanterre lors du festival de jazz de la D\u00e9fense.<\/p><p>Elle renoue avec la sc\u00e8ne en cr\u00e9ant ses nouveaux spectacles, <strong>\u00ab\u00a0Mes racines et mes elles\u00a0\u00bb<\/strong> (2022), <strong>\u00ab\u00a0Je reviens te chercher\u00a0\u00bb <\/strong>(2023).<\/p><p>Le 27 mai 2027, elle revient au Centre Culturel Jean Vilar pour y pr\u00e9senter son tout dernier spectacle <strong>\u00ab\u00a0Correspondances\u00a0\u00bb<\/strong>, accompagn\u00e9e au piano par <a href=\"https:\/\/connecteurs-de-cartes.fr\/evoixla\/un-pianiste-accompagnateur\/\">St\u00e9phane Lemaire<\/a> avec qui elle travaille depuis 2008.<\/p>\t\t\t\t\t\t\t\t<\/div>\n\t\t\t\t\t<\/div>\n\t\t\t\t<\/div>\n\t\t<div class=\"elementor-element elementor-element-7d689fc e-flex e-con-boxed e-con e-parent\" data-id=\"7d689fc\" data-element_type=\"container\" data-e-type=\"container\">\n\t\t\t\t\t<div class=\"e-con-inner\">\n\t\t\t\t<div class=\"elementor-element elementor-element-041053b elementor-widget-tablet__width-initial elementor-arrows-position-inside elementor-widget elementor-widget-n-carousel\" data-id=\"041053b\" data-element_type=\"widget\" data-e-type=\"widget\" data-settings=\"{&quot;carousel_items&quot;:[{&quot;_id&quot;:&quot;326b38a&quot;,&quot;slide_title&quot;:&quot;Diapositive N\\u00b04&quot;},{&quot;_id&quot;:&quot;be623c1&quot;,&quot;slide_title&quot;:&quot;Diapositive N\\u00b03&quot;},{&quot;slide_title&quot;:&quot;Diapositive N\\u00b03&quot;,&quot;_id&quot;:&quot;28a8c4e&quot;},{&quot;slide_title&quot;:&quot;Diapositive N\\u00b01&quot;,&quot;_id&quot;:&quot;bb9ca3b&quot;}],&quot;slides_to_scroll_tablet&quot;:&quot;1&quot;,&quot;slides_to_scroll_mobile&quot;:&quot;1&quot;,&quot;slides_to_scroll&quot;:&quot;1&quot;,&quot;slides_to_show_tablet&quot;:&quot;2&quot;,&quot;slides_to_show_mobile&quot;:&quot;1&quot;,&quot;autoplay&quot;:&quot;yes&quot;,&quot;autoplay_speed&quot;:5000,&quot;pause_on_hover&quot;:&quot;yes&quot;,&quot;pause_on_interaction&quot;:&quot;yes&quot;,&quot;infinite&quot;:&quot;yes&quot;,&quot;speed&quot;:500,&quot;offset_sides&quot;:&quot;none&quot;,&quot;arrows&quot;:&quot;yes&quot;,&quot;image_spacing_custom&quot;:{&quot;unit&quot;:&quot;px&quot;,&quot;size&quot;:10,&quot;sizes&quot;:[]},&quot;image_spacing_custom_tablet&quot;:{&quot;unit&quot;:&quot;px&quot;,&quot;size&quot;:&quot;&quot;,&quot;sizes&quot;:[]},&quot;image_spacing_custom_mobile&quot;:{&quot;unit&quot;:&quot;px&quot;,&quot;size&quot;:&quot;&quot;,&quot;sizes&quot;:[]}}\" data-widget_type=\"nested-carousel.default\">\n\t\t\t\t\t\t\t<div class=\"e-n-carousel swiper\" role=\"region\" aria-roledescription=\"carousel\" aria-label=\"Carousel\" dir=\"ltr\">\n\t\t\t<div class=\"swiper-wrapper\" aria-live=\"off\">\n\t\t\t\t\t\t\t\t\t\t<div class=\"swiper-slide\" data-slide=\"1\" role=\"group\" aria-roledescription=\"slide\" aria-label=\"1 sur 4\">\n\t\t\t\t\t\t\t<div class=\"elementor-element elementor-element-c03757b e-flex e-con-boxed e-con e-child\" data-id=\"c03757b\" data-element_type=\"container\" data-e-type=\"container\">\n\t\t\t\t\t<div class=\"e-con-inner\">\n\t\t<div class=\"elementor-element elementor-element-36e3043 e-con-full e-flex e-con e-child\" data-id=\"36e3043\" data-element_type=\"container\" data-e-type=\"container\">\n\t\t\t\t<div class=\"elementor-element elementor-element-13d378e elementor-widget elementor-widget-image\" data-id=\"13d378e\" data-element_type=\"widget\" data-e-type=\"widget\" data-widget_type=\"image.default\">\n\t\t\t\t\t\t\t\t\t\t\t\t\t\t\t<img decoding=\"async\" width=\"768\" height=\"1024\" src=\"https:\/\/connecteurs-de-cartes.fr\/evoixla\/wp-content\/uploads\/WhatsApp-Image-2026-08-29-at-1.34.46-PM-768x1024.jpeg\" class=\"attachment-large size-large wp-image-1759\" alt=\"\" srcset=\"https:\/\/connecteurs-de-cartes.fr\/evoixla\/wp-content\/uploads\/WhatsApp-Image-2026-08-29-at-1.34.46-PM-768x1024.jpeg 768w, https:\/\/connecteurs-de-cartes.fr\/evoixla\/wp-content\/uploads\/WhatsApp-Image-2026-08-29-at-1.34.46-PM-225x300.jpeg 225w, https:\/\/connecteurs-de-cartes.fr\/evoixla\/wp-content\/uploads\/WhatsApp-Image-2026-08-29-at-1.34.46-PM-1152x1536.jpeg 1152w, https:\/\/connecteurs-de-cartes.fr\/evoixla\/wp-content\/uploads\/WhatsApp-Image-2026-08-29-at-1.34.46-PM.jpeg 1200w\" sizes=\"(max-width: 768px) 100vw, 768px\" \/>\t\t\t\t\t\t\t\t\t\t\t\t\t\t\t<\/div>\n\t\t\t\t<\/div>\n\t\t\t\t\t<\/div>\n\t\t\t\t<\/div>\n\t\t\t\t\t\t\t\t<\/div>\n\t\t\t\t\t\t\t\t\t\t\t<div class=\"swiper-slide\" data-slide=\"2\" role=\"group\" aria-roledescription=\"slide\" aria-label=\"2 sur 4\">\n\t\t\t\t\t\t\t<div class=\"elementor-element elementor-element-21bc06c e-flex e-con-boxed e-con e-child\" data-id=\"21bc06c\" data-element_type=\"container\" data-e-type=\"container\">\n\t\t\t\t\t<div class=\"e-con-inner\">\n\t\t<div class=\"elementor-element elementor-element-4d42f74 e-con-full e-flex e-con e-child\" data-id=\"4d42f74\" data-element_type=\"container\" data-e-type=\"container\">\n\t\t\t\t<div class=\"elementor-element elementor-element-d168d97 elementor-widget elementor-widget-image\" data-id=\"d168d97\" data-element_type=\"widget\" data-e-type=\"widget\" data-widget_type=\"image.default\">\n\t\t\t\t\t\t\t\t\t\t\t\t\t\t\t<img decoding=\"async\" width=\"800\" height=\"600\" src=\"https:\/\/connecteurs-de-cartes.fr\/evoixla\/wp-content\/uploads\/Jean-Vilar-2023-02-Anna-2-1024x768.jpg\" class=\"attachment-large size-large wp-image-719\" alt=\"\" srcset=\"https:\/\/connecteurs-de-cartes.fr\/evoixla\/wp-content\/uploads\/Jean-Vilar-2023-02-Anna-2-1024x768.jpg 1024w, https:\/\/connecteurs-de-cartes.fr\/evoixla\/wp-content\/uploads\/Jean-Vilar-2023-02-Anna-2-300x225.jpg 300w, https:\/\/connecteurs-de-cartes.fr\/evoixla\/wp-content\/uploads\/Jean-Vilar-2023-02-Anna-2-768x576.jpg 768w, https:\/\/connecteurs-de-cartes.fr\/evoixla\/wp-content\/uploads\/Jean-Vilar-2023-02-Anna-2-1536x1152.jpg 1536w, https:\/\/connecteurs-de-cartes.fr\/evoixla\/wp-content\/uploads\/Jean-Vilar-2023-02-Anna-2-2048x1536.jpg 2048w\" sizes=\"(max-width: 800px) 100vw, 800px\" \/>\t\t\t\t\t\t\t\t\t\t\t\t\t\t\t<\/div>\n\t\t\t\t<\/div>\n\t\t\t\t\t<\/div>\n\t\t\t\t<\/div>\n\t\t\t\t\t\t\t\t<\/div>\n\t\t\t\t\t\t\t\t\t\t\t<div class=\"swiper-slide\" data-slide=\"3\" role=\"group\" aria-roledescription=\"slide\" aria-label=\"3 sur 4\">\n\t\t\t\t\t\t\t<div class=\"elementor-element elementor-element-ff5c950 e-flex e-con-boxed e-con e-child\" data-id=\"ff5c950\" data-element_type=\"container\" data-e-type=\"container\">\n\t\t\t\t\t<div class=\"e-con-inner\">\n\t\t<div class=\"elementor-element elementor-element-d9d74f9 e-con-full e-flex e-con e-child\" data-id=\"d9d74f9\" data-element_type=\"container\" data-e-type=\"container\">\n\t\t\t\t<div class=\"elementor-element elementor-element-49a7090 elementor-widget elementor-widget-image\" data-id=\"49a7090\" data-element_type=\"widget\" data-e-type=\"widget\" data-widget_type=\"image.default\">\n\t\t\t\t\t\t\t\t\t\t\t\t\t\t\t<img loading=\"lazy\" decoding=\"async\" width=\"800\" height=\"766\" src=\"https:\/\/connecteurs-de-cartes.fr\/evoixla\/wp-content\/uploads\/6.12.2025.6-scaled-e1787667346667-1024x981.jpg\" class=\"attachment-large size-large wp-image-1154\" alt=\"\" srcset=\"https:\/\/connecteurs-de-cartes.fr\/evoixla\/wp-content\/uploads\/6.12.2025.6-scaled-e1787667346667-1024x981.jpg 1024w, https:\/\/connecteurs-de-cartes.fr\/evoixla\/wp-content\/uploads\/6.12.2025.6-scaled-e1787667346667-300x287.jpg 300w, https:\/\/connecteurs-de-cartes.fr\/evoixla\/wp-content\/uploads\/6.12.2025.6-scaled-e1787667346667-768x736.jpg 768w, https:\/\/connecteurs-de-cartes.fr\/evoixla\/wp-content\/uploads\/6.12.2025.6-scaled-e1787667346667.jpg 1404w\" sizes=\"(max-width: 800px) 100vw, 800px\" \/>\t\t\t\t\t\t\t\t\t\t\t\t\t\t\t<\/div>\n\t\t\t\t<\/div>\n\t\t\t\t\t<\/div>\n\t\t\t\t<\/div>\n\t\t\t\t\t\t\t\t<\/div>\n\t\t\t\t\t\t\t\t\t\t\t<div class=\"swiper-slide\" data-slide=\"4\" role=\"group\" aria-roledescription=\"slide\" aria-label=\"4 sur 4\">\n\t\t\t\t\t\t\t<div class=\"elementor-element elementor-element-bb555fe e-flex e-con-boxed e-con e-child\" data-id=\"bb555fe\" data-element_type=\"container\" data-e-type=\"container\">\n\t\t\t\t\t<div class=\"e-con-inner\">\n\t\t<div class=\"elementor-element elementor-element-404a5e0 e-con-full e-flex e-con e-child\" data-id=\"404a5e0\" data-element_type=\"container\" data-e-type=\"container\">\n\t\t\t\t<div class=\"elementor-element elementor-element-0578cee elementor-widget elementor-widget-image\" data-id=\"0578cee\" data-element_type=\"widget\" data-e-type=\"widget\" data-widget_type=\"image.default\">\n\t\t\t\t\t\t\t\t\t\t\t\t\t\t\t<img loading=\"lazy\" decoding=\"async\" width=\"800\" height=\"533\" src=\"https:\/\/connecteurs-de-cartes.fr\/evoixla\/wp-content\/uploads\/WhatsApp-Image-2026-08-27-at-11.06.42-PM-1024x682.jpeg\" class=\"attachment-large size-large wp-image-1466\" alt=\"\" srcset=\"https:\/\/connecteurs-de-cartes.fr\/evoixla\/wp-content\/uploads\/WhatsApp-Image-2026-08-27-at-11.06.42-PM-1024x682.jpeg 1024w, https:\/\/connecteurs-de-cartes.fr\/evoixla\/wp-content\/uploads\/WhatsApp-Image-2026-08-27-at-11.06.42-PM-300x200.jpeg 300w, https:\/\/connecteurs-de-cartes.fr\/evoixla\/wp-content\/uploads\/WhatsApp-Image-2026-08-27-at-11.06.42-PM-768x512.jpeg 768w, https:\/\/connecteurs-de-cartes.fr\/evoixla\/wp-content\/uploads\/WhatsApp-Image-2026-08-27-at-11.06.42-PM.jpeg 1148w\" sizes=\"(max-width: 800px) 100vw, 800px\" \/>\t\t\t\t\t\t\t\t\t\t\t\t\t\t\t<\/div>\n\t\t\t\t<\/div>\n\t\t\t\t\t<\/div>\n\t\t\t\t<\/div>\n\t\t\t\t\t\t\t\t<\/div>\n\t\t\t\t\t\t\t\t<\/div>\n\t\t<\/div>\n\t\t\t\t\t<div class=\"elementor-swiper-button elementor-swiper-button-prev\" role=\"button\" tabindex=\"0\" aria-label=\"Pr\u00e9c\u00e9dent\">\n\t\t\t\t<svg aria-hidden=\"true\" class=\"e-font-icon-svg e-eicon-chevron-left\" viewBox=\"0 0 1000 1000\" xmlns=\"http:\/\/www.w3.org\/2000\/svg\"><path d=\"M646 125C629 125 613 133 604 142L308 442C296 454 292 471 292 487 292 504 296 521 308 533L604 854C617 867 629 875 646 875 663 875 679 871 692 858 704 846 713 829 713 812 713 796 708 779 692 767L438 487 692 225C700 217 708 204 708 187 708 171 704 154 692 142 675 129 663 125 646 125Z\"><\/path><\/svg>\t\t\t<\/div>\n\t\t\t<div class=\"elementor-swiper-button elementor-swiper-button-next\" role=\"button\" tabindex=\"0\" aria-label=\"Suivant\">\n\t\t\t\t<svg aria-hidden=\"true\" class=\"e-font-icon-svg e-eicon-chevron-right\" viewBox=\"0 0 1000 1000\" xmlns=\"http:\/\/www.w3.org\/2000\/svg\"><path d=\"M696 533C708 521 713 504 713 487 713 471 708 454 696 446L400 146C388 133 375 125 354 125 338 125 325 129 313 142 300 154 292 171 292 187 292 204 296 221 308 233L563 492 304 771C292 783 288 800 288 817 288 833 296 850 308 863 321 871 338 875 354 875 371 875 388 867 400 854L696 533Z\"><\/path><\/svg>\t\t\t<\/div>\n\t\t\t\t\t\t<\/div>\n\t\t\t\t\t<\/div>\n\t\t\t\t<\/div>\n\t\t\t\t<\/div>\n\t\t","protected":false},"excerpt":{"rendered":"<p>La coach artistique : Anna Igalson Des racines polonaises \u00e0 la chanson fran\u00e7aise Anna chante depuis son plus jeune \u00e2ge. D\u00e9j\u00e0 dans sa Pologne natale, elle participe \u00e0 des groupes, des chorales, des festivals, des plateaux t\u00e9l\u00e9&#8230; La passion pour la chanson fran\u00e7aise la pousse \u00e0 venir en France : elle quitte Cracovie o\u00f9 elle [&hellip;]<\/p>\n","protected":false},"author":1,"featured_media":0,"parent":0,"menu_order":0,"comment_status":"closed","ping_status":"closed","template":"","meta":{"footnotes":""},"class_list":["post-239","page","type-page","status-publish","hentry"],"_links":{"self":[{"href":"https:\/\/connecteurs-de-cartes.fr\/evoixla\/wp-json\/wp\/v2\/pages\/239","targetHints":{"allow":["GET"]}}],"collection":[{"href":"https:\/\/connecteurs-de-cartes.fr\/evoixla\/wp-json\/wp\/v2\/pages"}],"about":[{"href":"https:\/\/connecteurs-de-cartes.fr\/evoixla\/wp-json\/wp\/v2\/types\/page"}],"author":[{"embeddable":true,"href":"https:\/\/connecteurs-de-cartes.fr\/evoixla\/wp-json\/wp\/v2\/users\/1"}],"replies":[{"embeddable":true,"href":"https:\/\/connecteurs-de-cartes.fr\/evoixla\/wp-json\/wp\/v2\/comments?post=239"}],"version-history":[{"count":110,"href":"https:\/\/connecteurs-de-cartes.fr\/evoixla\/wp-json\/wp\/v2\/pages\/239\/revisions"}],"predecessor-version":[{"id":2317,"href":"https:\/\/connecteurs-de-cartes.fr\/evoixla\/wp-json\/wp\/v2\/pages\/239\/revisions\/2317"}],"wp:attachment":[{"href":"https:\/\/connecteurs-de-cartes.fr\/evoixla\/wp-json\/wp\/v2\/media?parent=239"}],"curies":[{"name":"wp","href":"https:\/\/api.w.org\/{rel}","templated":true}]}}