{"id":238,"date":"2026-04-23T21:21:26","date_gmt":"2026-04-23T19:21:26","guid":{"rendered":"https:\/\/connecteurs-de-cartes.fr\/evoixla\/?page_id=238"},"modified":"2026-08-31T21:30:10","modified_gmt":"2026-08-31T19:30:10","slug":"association","status":"publish","type":"page","link":"https:\/\/connecteurs-de-cartes.fr\/evoixla\/association\/","title":{"rendered":"Une association"},"content":{"rendered":"\t\t<div data-elementor-type=\"wp-page\" data-elementor-id=\"238\" class=\"elementor elementor-238\" data-elementor-post-type=\"page\">\n\t\t\t\t<div class=\"elementor-element elementor-element-ba08f21 e-flex e-con-boxed e-con e-parent\" data-id=\"ba08f21\" data-element_type=\"container\" data-e-type=\"container\" data-settings=\"{&quot;background_background&quot;:&quot;classic&quot;}\">\n\t\t\t\t\t<div class=\"e-con-inner\">\n\t\t\t\t<div class=\"elementor-element elementor-element-9facee4 elementor-widget elementor-widget-heading\" data-id=\"9facee4\" data-element_type=\"widget\" data-e-type=\"widget\" data-widget_type=\"heading.default\">\n\t\t\t\t\t<h1 class=\"elementor-heading-title elementor-size-default\">Une association de chant \u00e0 Marly-le-Roi<\/h1>\t\t\t\t<\/div>\n\t\t\t\t<div class=\"elementor-element elementor-element-3af6c79 elementor-widget elementor-widget-text-editor\" data-id=\"3af6c79\" data-element_type=\"widget\" data-e-type=\"widget\" data-widget_type=\"text-editor.default\">\n\t\t\t\t\t\t\t\t\t<p>Cr\u00e9\u00e9e en 2008 \u00e0 Marly le Roi, <em><strong>\u00c9 Voix-l\u00e0<\/strong><\/em> propose une pratique de chant particuli\u00e8rement originale.<\/p><p>En effet, <strong><em>\u00c9\u00a0Voix-l\u00e0<\/em> n\u2019est pas une chorale !<\/strong><\/p>\t\t\t\t\t\t\t\t<\/div>\n\t\t\t\t<div class=\"elementor-element elementor-element-cc51031 elementor-widget elementor-widget-heading\" data-id=\"cc51031\" data-element_type=\"widget\" data-e-type=\"widget\" data-widget_type=\"heading.default\">\n\t\t\t\t\t<h2 class=\"elementor-heading-title elementor-size-default\">Deux formules pour pratiquer le chant<\/h2>\t\t\t\t<\/div>\n\t\t\t\t<div class=\"elementor-element elementor-element-df60c62 elementor-widget elementor-widget-text-editor\" data-id=\"df60c62\" data-element_type=\"widget\" data-e-type=\"widget\" data-widget_type=\"text-editor.default\">\n\t\t\t\t\t\t\t\t\t<p>Sa singularit\u00e9 r\u00e9side dans une approche p\u00e9dagogique innovante du chant qui s\u2019articule autour de <strong>deux formules distinctes<\/strong> :<\/p>\t\t\t\t\t\t\t\t<\/div>\n\t\t<div class=\"elementor-element elementor-element-90bfa6d e-grid e-con-full e-con e-child\" data-id=\"90bfa6d\" data-element_type=\"container\" data-e-type=\"container\">\n\t\t<a class=\"elementor-element elementor-element-a11405e e-con-full e-flex e-con e-child\" data-id=\"a11405e\" data-element_type=\"container\" data-e-type=\"container\" data-settings=\"{&quot;background_background&quot;:&quot;classic&quot;}\" href=\"https:\/\/connecteurs-de-cartes.fr\/evoixla\/ateliers\/\">\n\t\t\t\t<div class=\"elementor-element elementor-element-63a98af elementor-widget elementor-widget-heading\" data-id=\"63a98af\" data-element_type=\"widget\" data-e-type=\"widget\" data-widget_type=\"heading.default\">\n\t\t\t\t\t<h3 class=\"elementor-heading-title elementor-size-default\">Les Ateliers d'interpr\u00e9tation<\/h3>\t\t\t\t<\/div>\n\t\t\t\t<\/a>\n\t\t<a class=\"elementor-element elementor-element-f78ca4c e-con-full e-flex e-con e-child\" data-id=\"f78ca4c\" data-element_type=\"container\" data-e-type=\"container\" data-settings=\"{&quot;background_background&quot;:&quot;classic&quot;}\" href=\"https:\/\/connecteurs-de-cartes.fr\/evoixla\/tremplin\/\">\n\t\t\t\t<div class=\"elementor-element elementor-element-13aed09 elementor-widget elementor-widget-heading\" data-id=\"13aed09\" data-element_type=\"widget\" data-e-type=\"widget\" data-widget_type=\"heading.default\">\n\t\t\t\t\t<h3 class=\"elementor-heading-title elementor-size-default\">Des chanteurs<\/h3>\t\t\t\t<\/div>\n\t\t\t\t<\/a>\n\t\t\t\t<\/div>\n\t\t\t\t<div class=\"elementor-element elementor-element-9659a75 elementor-widget elementor-widget-text-editor\" data-id=\"9659a75\" data-element_type=\"widget\" data-e-type=\"widget\" data-widget_type=\"text-editor.default\">\n\t\t\t\t\t\t\t\t\t<p>Une de ses autres caract\u00e9ristiques est de privil\u00e9gier un r\u00e9pertoire de <strong>chansons fran\u00e7aises : <\/strong>un patrimoine reconnu dans le monde entier.<\/p>\t\t\t\t\t\t\t\t<\/div>\n\t\t\t\t<div class=\"elementor-element elementor-element-6d3f15a elementor-widget elementor-widget-heading\" data-id=\"6d3f15a\" data-element_type=\"widget\" data-e-type=\"widget\" data-widget_type=\"heading.default\">\n\t\t\t\t\t<h2 class=\"elementor-heading-title elementor-size-default\">Une approche qui valorise chaque chanteur<\/h2>\t\t\t\t<\/div>\n\t\t\t\t<div class=\"elementor-element elementor-element-e22234c elementor-widget elementor-widget-text-editor\" data-id=\"e22234c\" data-element_type=\"widget\" data-e-type=\"widget\" data-widget_type=\"text-editor.default\">\n\t\t\t\t\t\t\t\t\t<p>Au sein de <em><strong>\u00c9 Voix-l\u00e0<\/strong><\/em>, chacun trouve sa place pour \u00e9voluer au fil des s\u00e9ances : les chanteurs confirm\u00e9s travaillent <strong>de concert <\/strong>avec les chanteurs moins exp\u00e9riment\u00e9s.<\/p><p>Il s\u2019agit avant tout de <strong>prendre conscience de ses points forts, <\/strong>pour ensuite d\u00e9ployer ses ailes <strong>en toute confiance<\/strong> et aller plus loin dans sa pratique du chant.\u00a0<\/p><p>La coach accompagne les chanteurs dans cette aventure en prenant en compte la singularit\u00e9 de chacun.\u00a0<\/p><p>Ici, vos particularit\u00e9s seront des atouts ; elles seront exploit\u00e9es et m\u00eame valoris\u00e9es pour enrichir le paysage artistique de la troupe.<\/p><p>Si <strong><em>\u00c9 Voix-l\u00e0<\/em><\/strong> accueille plut\u00f4t un public adulte, elle n\u2019en reste pas moins ouverte aux jeunes candidats motiv\u00e9s.<\/p>\t\t\t\t\t\t\t\t<\/div>\n\t\t\t\t\t<\/div>\n\t\t\t\t<\/div>\n\t\t\t\t<\/div>\n\t\t","protected":false},"excerpt":{"rendered":"<p>Une association de chant \u00e0 Marly-le-Roi Cr\u00e9\u00e9e en 2008 \u00e0 Marly le Roi, \u00c9 Voix-l\u00e0 propose une pratique de chant particuli\u00e8rement originale. En effet, \u00c9\u00a0Voix-l\u00e0 n\u2019est pas une chorale ! Deux formules pour pratiquer le chant Sa singularit\u00e9 r\u00e9side dans une approche p\u00e9dagogique innovante du chant qui s\u2019articule autour de deux formules distinctes : Les [&hellip;]<\/p>\n","protected":false},"author":1,"featured_media":0,"parent":0,"menu_order":0,"comment_status":"closed","ping_status":"closed","template":"","meta":{"footnotes":""},"class_list":["post-238","page","type-page","status-publish","hentry"],"_links":{"self":[{"href":"https:\/\/connecteurs-de-cartes.fr\/evoixla\/wp-json\/wp\/v2\/pages\/238","targetHints":{"allow":["GET"]}}],"collection":[{"href":"https:\/\/connecteurs-de-cartes.fr\/evoixla\/wp-json\/wp\/v2\/pages"}],"about":[{"href":"https:\/\/connecteurs-de-cartes.fr\/evoixla\/wp-json\/wp\/v2\/types\/page"}],"author":[{"embeddable":true,"href":"https:\/\/connecteurs-de-cartes.fr\/evoixla\/wp-json\/wp\/v2\/users\/1"}],"replies":[{"embeddable":true,"href":"https:\/\/connecteurs-de-cartes.fr\/evoixla\/wp-json\/wp\/v2\/comments?post=238"}],"version-history":[{"count":104,"href":"https:\/\/connecteurs-de-cartes.fr\/evoixla\/wp-json\/wp\/v2\/pages\/238\/revisions"}],"predecessor-version":[{"id":1939,"href":"https:\/\/connecteurs-de-cartes.fr\/evoixla\/wp-json\/wp\/v2\/pages\/238\/revisions\/1939"}],"wp:attachment":[{"href":"https:\/\/connecteurs-de-cartes.fr\/evoixla\/wp-json\/wp\/v2\/media?parent=238"}],"curies":[{"name":"wp","href":"https:\/\/api.w.org\/{rel}","templated":true}]}}