{"id":1079,"date":"2026-08-22T18:49:29","date_gmt":"2026-08-22T16:49:29","guid":{"rendered":"https:\/\/connecteurs-de-cartes.fr\/evoixla\/?page_id=1079"},"modified":"2026-09-03T18:35:39","modified_gmt":"2026-09-03T16:35:39","slug":"actualites","status":"publish","type":"page","link":"https:\/\/connecteurs-de-cartes.fr\/evoixla\/actualites\/","title":{"rendered":"Actualit\u00e9s"},"content":{"rendered":"\t\t<div data-elementor-type=\"wp-page\" data-elementor-id=\"1079\" class=\"elementor elementor-1079\" data-elementor-post-type=\"page\">\n\t\t\t\t<div class=\"elementor-element elementor-element-73eb02b e-flex e-con-boxed e-con e-parent\" data-id=\"73eb02b\" data-element_type=\"container\" data-e-type=\"container\">\n\t\t\t\t\t<div class=\"e-con-inner\">\n\t\t\t\t<div class=\"elementor-element elementor-element-8656c78 elementor-widget elementor-widget-heading\" data-id=\"8656c78\" data-element_type=\"widget\" data-e-type=\"widget\" data-widget_type=\"heading.default\">\n\t\t\t\t\t<h1 class=\"elementor-heading-title elementor-size-default\">Actualit\u00e9s<\/h1>\t\t\t\t<\/div>\n\t\t\t\t<div class=\"elementor-element elementor-element-4aaab7b elementor-widget elementor-widget-text-editor\" data-id=\"4aaab7b\" data-element_type=\"widget\" data-e-type=\"widget\" data-widget_type=\"text-editor.default\">\n\t\t\t\t\t\t\t\t\tRetrouvez ici les prochains concerts et \u00e9v\u00e8nements de <span class=\"evl-logo-text\"><span class=\"evl-e\">\u00c9<\/span> <span class=\"evl-v\">V<\/span><span class=\"evl-o\">o<\/span><span class=\"evl-i\">i<\/span><span class=\"evl-x\">x<\/span>&#8211;<span class=\"evl-l\">l<\/span><span class=\"evl-a\">\u00e0<\/span><\/span>.\t\t\t\t\t\t\t\t<\/div>\n\t\t\t\t\t<\/div>\n\t\t\t\t<\/div>\n\t\t<div class=\"elementor-element elementor-element-47f3011 e-grid e-con-boxed e-con e-parent\" data-id=\"47f3011\" data-element_type=\"container\" data-e-type=\"container\">\n\t\t\t\t\t<div class=\"e-con-inner\">\n\t\t<div class=\"elementor-element elementor-element-0fc6c18 e-con-full e-flex e-con e-child\" data-id=\"0fc6c18\" data-element_type=\"container\" data-e-type=\"container\" data-settings=\"{&quot;background_background&quot;:&quot;classic&quot;}\">\n\t\t\t\t<div class=\"elementor-element elementor-element-ef18320 elementor-widget elementor-widget-heading\" data-id=\"ef18320\" data-element_type=\"widget\" data-e-type=\"widget\" data-widget_type=\"heading.default\">\n\t\t\t\t\t<h2 class=\"elementor-heading-title elementor-size-default\">\"\u00c0 la p\u00eache aux bonheurs...\"<\/h2>\t\t\t\t<\/div>\n\t\t\t\t<div class=\"elementor-element elementor-element-fa86869 elementor-widget elementor-widget-text-editor\" data-id=\"fa86869\" data-element_type=\"widget\" data-e-type=\"widget\" data-widget_type=\"text-editor.default\">\n\t\t\t\t\t\t\t\t\tChanteurs de <span class=\"evl-logo-text\"><span class=\"evl-e\">\u00c9<\/span> <span class=\"evl-v\">V<\/span><span class=\"evl-o\">o<\/span><span class=\"evl-i\">i<\/span><span class=\"evl-x\">x<\/span>&#8211;<span class=\"evl-l\">l<\/span><span class=\"evl-a\">\u00e0<\/span><\/span>\t\t\t\t\t\t\t\t<\/div>\n\t\t\t\t<div class=\"elementor-element elementor-element-ffb1b3e elementor-widget elementor-widget-text-editor\" data-id=\"ffb1b3e\" data-element_type=\"widget\" data-e-type=\"widget\" data-widget_type=\"text-editor.default\">\n\t\t\t\t\t\t\t\t\t<p>Samedi 5 D\u00e9cembre 2026 \u00e0 20h30<\/p>\t\t\t\t\t\t\t\t<\/div>\n\t\t\t\t<div class=\"elementor-element elementor-element-223b4a1 elementor-widget elementor-widget-text-editor\" data-id=\"223b4a1\" data-element_type=\"widget\" data-e-type=\"widget\" data-widget_type=\"text-editor.default\">\n\t\t\t\t\t\t\t\t\t<p>Centre Culturel Jean Vilar &#8211; Marly-le-Roi<\/p>\t\t\t\t\t\t\t\t<\/div>\n\t\t\t\t<\/div>\n\t\t<div class=\"elementor-element elementor-element-fee654f e-con-full e-flex e-con e-child\" data-id=\"fee654f\" data-element_type=\"container\" data-e-type=\"container\" data-settings=\"{&quot;background_background&quot;:&quot;classic&quot;}\">\n\t\t\t\t<div class=\"elementor-element elementor-element-726330d elementor-widget elementor-widget-heading\" data-id=\"726330d\" data-element_type=\"widget\" data-e-type=\"widget\" data-widget_type=\"heading.default\">\n\t\t\t\t\t<h2 class=\"elementor-heading-title elementor-size-default\">Spectacle du Printemps<\/h2>\t\t\t\t<\/div>\n\t\t\t\t<div class=\"elementor-element elementor-element-f112e27 elementor-widget elementor-widget-text-editor\" data-id=\"f112e27\" data-element_type=\"widget\" data-e-type=\"widget\" data-widget_type=\"text-editor.default\">\n\t\t\t\t\t\t\t\t\tChanteurs de <span class=\"evl-logo-text\"><span class=\"evl-e\">\u00c9<\/span> <span class=\"evl-v\">V<\/span><span class=\"evl-o\">o<\/span><span class=\"evl-i\">i<\/span><span class=\"evl-x\">x<\/span>&#8211;<span class=\"evl-l\">l<\/span><span class=\"evl-a\">\u00e0<\/span><\/span>\t\t\t\t\t\t\t\t<\/div>\n\t\t\t\t<div class=\"elementor-element elementor-element-eb80fe9 elementor-widget elementor-widget-text-editor\" data-id=\"eb80fe9\" data-element_type=\"widget\" data-e-type=\"widget\" data-widget_type=\"text-editor.default\">\n\t\t\t\t\t\t\t\t\t<p>Samedi 3 Avril 2027 \u00e0 20h30<\/p>\t\t\t\t\t\t\t\t<\/div>\n\t\t\t\t<div class=\"elementor-element elementor-element-b9a7bed elementor-widget elementor-widget-text-editor\" data-id=\"b9a7bed\" data-element_type=\"widget\" data-e-type=\"widget\" data-widget_type=\"text-editor.default\">\n\t\t\t\t\t\t\t\t\t<p>Centre Culturel Jean Vilar &#8211; Marly-le-Roi<\/p>\t\t\t\t\t\t\t\t<\/div>\n\t\t\t\t<\/div>\n\t\t<div class=\"elementor-element elementor-element-89030f2 e-con-full e-flex e-con e-child\" data-id=\"89030f2\" data-element_type=\"container\" data-e-type=\"container\" data-settings=\"{&quot;background_background&quot;:&quot;classic&quot;}\">\n\t\t\t\t<div class=\"elementor-element elementor-element-b05fe42 elementor-widget elementor-widget-heading\" data-id=\"b05fe42\" data-element_type=\"widget\" data-e-type=\"widget\" data-widget_type=\"heading.default\">\n\t\t\t\t\t<h2 class=\"elementor-heading-title elementor-size-default\">Concert de fin d'ann\u00e9e<\/h2>\t\t\t\t<\/div>\n\t\t\t\t<div class=\"elementor-element elementor-element-f2919dd elementor-widget elementor-widget-text-editor\" data-id=\"f2919dd\" data-element_type=\"widget\" data-e-type=\"widget\" data-widget_type=\"text-editor.default\">\n\t\t\t\t\t\t\t\t\t<p>Chanteurs des Ateliers et du Tremplin<\/p>\t\t\t\t\t\t\t\t<\/div>\n\t\t\t\t<div class=\"elementor-element elementor-element-04af71a elementor-widget elementor-widget-text-editor\" data-id=\"04af71a\" data-element_type=\"widget\" data-e-type=\"widget\" data-widget_type=\"text-editor.default\">\n\t\t\t\t\t\t\t\t\t<p>Juin 2027<\/p>\t\t\t\t\t\t\t\t<\/div>\n\t\t\t\t<div class=\"elementor-element elementor-element-08316f8 elementor-widget elementor-widget-text-editor\" data-id=\"08316f8\" data-element_type=\"widget\" data-e-type=\"widget\" data-widget_type=\"text-editor.default\">\n\t\t\t\t\t\t\t\t\t<p>Salle de l&rsquo;horloge &#8211; Marly-le-Roi<\/p>\t\t\t\t\t\t\t\t<\/div>\n\t\t\t\t<\/div>\n\t\t\t\t\t<\/div>\n\t\t\t\t<\/div>\n\t\t<div class=\"elementor-element elementor-element-7473317 e-flex e-con-boxed e-con e-parent\" data-id=\"7473317\" data-element_type=\"container\" data-e-type=\"container\">\n\t\t\t\t\t<div class=\"e-con-inner\">\n\t\t<div class=\"elementor-element elementor-element-c73c101 e-con-full e-flex e-con e-child\" data-id=\"c73c101\" data-element_type=\"container\" data-e-type=\"container\" data-settings=\"{&quot;background_background&quot;:&quot;classic&quot;}\">\n\t\t\t\t<div class=\"elementor-element elementor-element-f1810be elementor-widget elementor-widget-heading\" data-id=\"f1810be\" data-element_type=\"widget\" data-e-type=\"widget\" data-widget_type=\"heading.default\">\n\t\t\t\t\t<h2 class=\"elementor-heading-title elementor-size-default\">\"Correspondances\"<\/h2>\t\t\t\t<\/div>\n\t\t\t\t<div class=\"elementor-element elementor-element-f04837d elementor-widget elementor-widget-text-editor\" data-id=\"f04837d\" data-element_type=\"widget\" data-e-type=\"widget\" data-widget_type=\"text-editor.default\">\n\t\t\t\t\t\t\t\t\t<p>Anna Igalson et St\u00e9phane Lemaire<\/p>\t\t\t\t\t\t\t\t<\/div>\n\t\t\t\t<div class=\"elementor-element elementor-element-bd67573 elementor-widget elementor-widget-text-editor\" data-id=\"bd67573\" data-element_type=\"widget\" data-e-type=\"widget\" data-widget_type=\"text-editor.default\">\n\t\t\t\t\t\t\t\t\t<p>Jeudi 27 Mai 2027 \u00e0 20h30<\/p>\t\t\t\t\t\t\t\t<\/div>\n\t\t\t\t<div class=\"elementor-element elementor-element-9ee5a04 elementor-widget elementor-widget-text-editor\" data-id=\"9ee5a04\" data-element_type=\"widget\" data-e-type=\"widget\" data-widget_type=\"text-editor.default\">\n\t\t\t\t\t\t\t\t\t<p>Centre Culturel Jean Vilar &#8211; Marly-le-Roi<\/p>\t\t\t\t\t\t\t\t<\/div>\n\t\t\t\t<\/div>\n\t\t\t\t\t<\/div>\n\t\t\t\t<\/div>\n\t\t\t\t<\/div>\n\t\t","protected":false},"excerpt":{"rendered":"<p>Actualit\u00e9s Retrouvez ici les prochains concerts et \u00e9v\u00e8nements de \u00c9 Voix-l\u00e0. \u00ab\u00a0\u00c0 la p\u00eache aux bonheurs&#8230;\u00a0\u00bb Chanteurs de \u00c9 Voix-l\u00e0 Samedi 5 D\u00e9cembre 2026 \u00e0 20h30 Centre Culturel Jean Vilar &#8211; Marly-le-Roi Spectacle du Printemps Chanteurs de \u00c9 Voix-l\u00e0 Samedi 3 Avril 2027 \u00e0 20h30 Centre Culturel Jean Vilar &#8211; Marly-le-Roi Concert de fin d&rsquo;ann\u00e9e [&hellip;]<\/p>\n","protected":false},"author":1,"featured_media":0,"parent":0,"menu_order":0,"comment_status":"closed","ping_status":"closed","template":"","meta":{"footnotes":""},"class_list":["post-1079","page","type-page","status-publish","hentry"],"_links":{"self":[{"href":"https:\/\/connecteurs-de-cartes.fr\/evoixla\/wp-json\/wp\/v2\/pages\/1079","targetHints":{"allow":["GET"]}}],"collection":[{"href":"https:\/\/connecteurs-de-cartes.fr\/evoixla\/wp-json\/wp\/v2\/pages"}],"about":[{"href":"https:\/\/connecteurs-de-cartes.fr\/evoixla\/wp-json\/wp\/v2\/types\/page"}],"author":[{"embeddable":true,"href":"https:\/\/connecteurs-de-cartes.fr\/evoixla\/wp-json\/wp\/v2\/users\/1"}],"replies":[{"embeddable":true,"href":"https:\/\/connecteurs-de-cartes.fr\/evoixla\/wp-json\/wp\/v2\/comments?post=1079"}],"version-history":[{"count":40,"href":"https:\/\/connecteurs-de-cartes.fr\/evoixla\/wp-json\/wp\/v2\/pages\/1079\/revisions"}],"predecessor-version":[{"id":2257,"href":"https:\/\/connecteurs-de-cartes.fr\/evoixla\/wp-json\/wp\/v2\/pages\/1079\/revisions\/2257"}],"wp:attachment":[{"href":"https:\/\/connecteurs-de-cartes.fr\/evoixla\/wp-json\/wp\/v2\/media?parent=1079"}],"curies":[{"name":"wp","href":"https:\/\/api.w.org\/{rel}","templated":true}]}}